{"id":113,"date":"2026-02-02T16:24:29","date_gmt":"2026-02-02T19:24:29","guid":{"rendered":"https:\/\/velarspfuneraria.com.br\/blog\/?page_id=113"},"modified":"2026-02-02T16:43:24","modified_gmt":"2026-02-02T19:43:24","slug":"blog","status":"publish","type":"page","link":"https:\/\/velarspfuneraria.com.br\/blog\/","title":{"rendered":"Blog"},"content":{"rendered":"\t\t<div data-elementor-type=\"wp-page\" data-elementor-id=\"113\" class=\"elementor elementor-113\" data-elementor-post-type=\"page\">\n\t\t\t\t<div class=\"elementor-element elementor-element-1e678109 e-flex e-con-boxed e-con e-parent\" data-id=\"1e678109\" data-element_type=\"container\" data-e-type=\"container\" data-settings=\"{&quot;background_background&quot;:&quot;classic&quot;}\">\n\t\t\t\t\t<div class=\"e-con-inner\">\n\t\t<div class=\"elementor-element elementor-element-340bcc92 e-con-full e-flex e-con e-child\" data-id=\"340bcc92\" data-element_type=\"container\" data-e-type=\"container\" data-settings=\"{&quot;background_background&quot;:&quot;classic&quot;}\">\n\t\t\t\t<div class=\"elementor-element elementor-element-f40cfd4 elementor-grid-2 elementor-grid-tablet-2 elementor-grid-mobile-1 elementor-posts--thumbnail-top elementor-card-shadow-yes elementor-posts__hover-gradient elementor-widget elementor-widget-posts\" data-id=\"f40cfd4\" data-element_type=\"widget\" data-e-type=\"widget\" data-settings=\"{&quot;cards_columns&quot;:&quot;2&quot;,&quot;cards_row_gap&quot;:{&quot;unit&quot;:&quot;px&quot;,&quot;size&quot;:30,&quot;sizes&quot;:[]},&quot;pagination_type&quot;:&quot;load_more_infinite_scroll&quot;,&quot;cards_columns_tablet&quot;:&quot;2&quot;,&quot;cards_columns_mobile&quot;:&quot;1&quot;,&quot;cards_row_gap_laptop&quot;:{&quot;unit&quot;:&quot;px&quot;,&quot;size&quot;:&quot;&quot;,&quot;sizes&quot;:[]},&quot;cards_row_gap_tablet&quot;:{&quot;unit&quot;:&quot;px&quot;,&quot;size&quot;:&quot;&quot;,&quot;sizes&quot;:[]},&quot;cards_row_gap_mobile&quot;:{&quot;unit&quot;:&quot;px&quot;,&quot;size&quot;:&quot;&quot;,&quot;sizes&quot;:[]},&quot;load_more_spinner&quot;:{&quot;value&quot;:&quot;fas fa-spinner&quot;,&quot;library&quot;:&quot;fa-solid&quot;}}\" data-widget_type=\"posts.cards\">\n\t\t\t\t<div class=\"elementor-widget-container\">\n\t\t\t\t\t\t\t<div class=\"elementor-posts-container elementor-posts elementor-posts--skin-cards elementor-grid\" role=\"list\">\n\t\t\t\t<article class=\"elementor-post elementor-grid-item post-337 post type-post status-publish format-standard has-post-thumbnail hentry category-sem-categoria\" role=\"listitem\">\n\t\t\t<div class=\"elementor-post__card\">\n\t\t\t\t<a class=\"elementor-post__thumbnail__link\" href=\"https:\/\/velarspfuneraria.com.br\/blog\/como-apoiar-um-amigo-no-luto\/\" tabindex=\"-1\" ><div class=\"elementor-post__thumbnail\"><img fetchpriority=\"high\" decoding=\"async\" width=\"300\" height=\"200\" src=\"https:\/\/velarspfuneraria.com.br\/blog\/wp-content\/uploads\/2026\/02\/family-visiting-grave-loved-one-7-300x200.jpg\" class=\"attachment-medium size-medium wp-image-339\" alt=\"Como apoiar um amigo no luto com empatia e cuidado\" srcset=\"https:\/\/velarspfuneraria.com.br\/blog\/wp-content\/uploads\/2026\/02\/family-visiting-grave-loved-one-7-300x200.jpg 300w, https:\/\/velarspfuneraria.com.br\/blog\/wp-content\/uploads\/2026\/02\/family-visiting-grave-loved-one-7-1024x683.jpg 1024w, https:\/\/velarspfuneraria.com.br\/blog\/wp-content\/uploads\/2026\/02\/family-visiting-grave-loved-one-7-768x512.jpg 768w, https:\/\/velarspfuneraria.com.br\/blog\/wp-content\/uploads\/2026\/02\/family-visiting-grave-loved-one-7-1536x1024.jpg 1536w, https:\/\/velarspfuneraria.com.br\/blog\/wp-content\/uploads\/2026\/02\/family-visiting-grave-loved-one-7-2048x1365.jpg 2048w\" sizes=\"(max-width: 300px) 100vw, 300px\" \/><\/div><\/a>\n\t\t\t\t<div class=\"elementor-post__text\">\n\t\t\t\t<h3 class=\"elementor-post__title\">\n\t\t\t<a href=\"https:\/\/velarspfuneraria.com.br\/blog\/como-apoiar-um-amigo-no-luto\/\" >\n\t\t\t\tComo apoiar um amigo no luto\t\t\t<\/a>\n\t\t<\/h3>\n\t\t\t\t<div class=\"elementor-post__excerpt\">\n\t\t\t<p>Quando algu\u00e9m pr\u00f3ximo perde uma pessoa querida, \u00e9 comum surgir a d\u00favida sobre como agir. Muitas vezes, existe vontade de<\/p>\n\t\t<\/div>\n\t\t\n\t\t<a class=\"elementor-post__read-more\" href=\"https:\/\/velarspfuneraria.com.br\/blog\/como-apoiar-um-amigo-no-luto\/\" aria-label=\"Read more about Como apoiar um amigo no luto\" tabindex=\"-1\" >\n\t\t\tLeia mais \u00bb\t\t<\/a>\n\n\t\t\t\t<\/div>\n\t\t\t\t<div class=\"elementor-post__meta-data\">\n\t\t\t\t\t<span class=\"elementor-post-date\">\n\t\t\t9 de fevereiro de 2026\t\t<\/span>\n\t\t\t\t<\/div>\n\t\t\t\t\t<\/div>\n\t\t<\/article>\n\t\t\t\t<article class=\"elementor-post elementor-grid-item post-333 post type-post status-publish format-standard has-post-thumbnail hentry category-sem-categoria\" role=\"listitem\">\n\t\t\t<div class=\"elementor-post__card\">\n\t\t\t\t<a class=\"elementor-post__thumbnail__link\" href=\"https:\/\/velarspfuneraria.com.br\/blog\/cemiterio-vila-formosa-localizacao-horario-preco\/\" tabindex=\"-1\" ><div class=\"elementor-post__thumbnail\"><img decoding=\"async\" width=\"300\" height=\"212\" src=\"https:\/\/velarspfuneraria.com.br\/blog\/wp-content\/uploads\/2026\/02\/misty-morning-sunbeams-graves-300x212.jpg\" class=\"attachment-medium size-medium wp-image-334\" alt=\"Cemit\u00e9rio Vila Formosa: localiza\u00e7\u00e3o, hor\u00e1rio e pre\u00e7o m\u00e9dio\" srcset=\"https:\/\/velarspfuneraria.com.br\/blog\/wp-content\/uploads\/2026\/02\/misty-morning-sunbeams-graves-300x212.jpg 300w, https:\/\/velarspfuneraria.com.br\/blog\/wp-content\/uploads\/2026\/02\/misty-morning-sunbeams-graves-1024x723.jpg 1024w, https:\/\/velarspfuneraria.com.br\/blog\/wp-content\/uploads\/2026\/02\/misty-morning-sunbeams-graves-768x542.jpg 768w, https:\/\/velarspfuneraria.com.br\/blog\/wp-content\/uploads\/2026\/02\/misty-morning-sunbeams-graves-1536x1084.jpg 1536w, https:\/\/velarspfuneraria.com.br\/blog\/wp-content\/uploads\/2026\/02\/misty-morning-sunbeams-graves-2048x1446.jpg 2048w\" sizes=\"(max-width: 300px) 100vw, 300px\" \/><\/div><\/a>\n\t\t\t\t<div class=\"elementor-post__text\">\n\t\t\t\t<h3 class=\"elementor-post__title\">\n\t\t\t<a href=\"https:\/\/velarspfuneraria.com.br\/blog\/cemiterio-vila-formosa-localizacao-horario-preco\/\" >\n\t\t\t\tCemit\u00e9rio Vila Formosa: localiza\u00e7\u00e3o, hor\u00e1rio e pre\u00e7o m\u00e9dio\t\t\t<\/a>\n\t\t<\/h3>\n\t\t\t\t<div class=\"elementor-post__excerpt\">\n\t\t\t<p>Quando ocorre uma perda, muitas decis\u00f5es precisam ser tomadas em pouco tempo. A falta de informa\u00e7\u00e3o clara pode aumentar a<\/p>\n\t\t<\/div>\n\t\t\n\t\t<a class=\"elementor-post__read-more\" href=\"https:\/\/velarspfuneraria.com.br\/blog\/cemiterio-vila-formosa-localizacao-horario-preco\/\" aria-label=\"Read more about Cemit\u00e9rio Vila Formosa: localiza\u00e7\u00e3o, hor\u00e1rio e pre\u00e7o m\u00e9dio\" tabindex=\"-1\" >\n\t\t\tLeia mais \u00bb\t\t<\/a>\n\n\t\t\t\t<\/div>\n\t\t\t\t<div class=\"elementor-post__meta-data\">\n\t\t\t\t\t<span class=\"elementor-post-date\">\n\t\t\t9 de fevereiro de 2026\t\t<\/span>\n\t\t\t\t<\/div>\n\t\t\t\t\t<\/div>\n\t\t<\/article>\n\t\t\t\t<article class=\"elementor-post elementor-grid-item post-330 post type-post status-publish format-standard has-post-thumbnail hentry category-sem-categoria\" role=\"listitem\">\n\t\t\t<div class=\"elementor-post__card\">\n\t\t\t\t<a class=\"elementor-post__thumbnail__link\" href=\"https:\/\/velarspfuneraria.com.br\/blog\/plantar-arvore-com-cinzas\/\" tabindex=\"-1\" ><div class=\"elementor-post__thumbnail\"><img decoding=\"async\" width=\"300\" height=\"200\" src=\"https:\/\/velarspfuneraria.com.br\/blog\/wp-content\/uploads\/2026\/02\/midsection-man-holding-hands-field-300x200.jpg\" class=\"attachment-medium size-medium wp-image-332\" alt=\"Homenageie quem partiu: plantar uma \u00e1rvore com cinzas cria mem\u00f3ria viva e simb\u00f3lica para toda a fam\u00edlia. Fale conosco.\" srcset=\"https:\/\/velarspfuneraria.com.br\/blog\/wp-content\/uploads\/2026\/02\/midsection-man-holding-hands-field-300x200.jpg 300w, https:\/\/velarspfuneraria.com.br\/blog\/wp-content\/uploads\/2026\/02\/midsection-man-holding-hands-field-1024x683.jpg 1024w, https:\/\/velarspfuneraria.com.br\/blog\/wp-content\/uploads\/2026\/02\/midsection-man-holding-hands-field-768x512.jpg 768w, https:\/\/velarspfuneraria.com.br\/blog\/wp-content\/uploads\/2026\/02\/midsection-man-holding-hands-field-1536x1024.jpg 1536w, https:\/\/velarspfuneraria.com.br\/blog\/wp-content\/uploads\/2026\/02\/midsection-man-holding-hands-field-2048x1365.jpg 2048w\" sizes=\"(max-width: 300px) 100vw, 300px\" \/><\/div><\/a>\n\t\t\t\t<div class=\"elementor-post__text\">\n\t\t\t\t<h3 class=\"elementor-post__title\">\n\t\t\t<a href=\"https:\/\/velarspfuneraria.com.br\/blog\/plantar-arvore-com-cinzas\/\" >\n\t\t\t\tPlantar uma \u00e1rvore com cinzas: homenagem afetiva e sustent\u00e1vel\t\t\t<\/a>\n\t\t<\/h3>\n\t\t\t\t<div class=\"elementor-post__excerpt\">\n\t\t\t<p>Perder algu\u00e9m que amamos \u00e9 sempre um momento delicado. Encontrar formas de lidar com a dor e transformar a mem\u00f3ria<\/p>\n\t\t<\/div>\n\t\t\n\t\t<a class=\"elementor-post__read-more\" href=\"https:\/\/velarspfuneraria.com.br\/blog\/plantar-arvore-com-cinzas\/\" aria-label=\"Read more about Plantar uma \u00e1rvore com cinzas: homenagem afetiva e sustent\u00e1vel\" tabindex=\"-1\" >\n\t\t\tLeia mais \u00bb\t\t<\/a>\n\n\t\t\t\t<\/div>\n\t\t\t\t<div class=\"elementor-post__meta-data\">\n\t\t\t\t\t<span class=\"elementor-post-date\">\n\t\t\t6 de fevereiro de 2026\t\t<\/span>\n\t\t\t\t<\/div>\n\t\t\t\t\t<\/div>\n\t\t<\/article>\n\t\t\t\t<article class=\"elementor-post elementor-grid-item post-317 post type-post status-publish format-standard has-post-thumbnail hentry category-sem-categoria\" role=\"listitem\">\n\t\t\t<div class=\"elementor-post__card\">\n\t\t\t\t<a class=\"elementor-post__thumbnail__link\" href=\"https:\/\/velarspfuneraria.com.br\/blog\/cemiterio-araca-servicos-planejamento\/\" tabindex=\"-1\" ><div class=\"elementor-post__thumbnail\"><img loading=\"lazy\" decoding=\"async\" width=\"300\" height=\"200\" src=\"https:\/\/velarspfuneraria.com.br\/blog\/wp-content\/uploads\/2026\/02\/family-visiting-grave-loved-one-5-300x200.jpg\" class=\"attachment-medium size-medium wp-image-319\" alt=\"Cemit\u00e9rio Ara\u00e7\u00e1: Guia Completo e Servi\u00e7os Dispon\u00edveis\" srcset=\"https:\/\/velarspfuneraria.com.br\/blog\/wp-content\/uploads\/2026\/02\/family-visiting-grave-loved-one-5-300x200.jpg 300w, https:\/\/velarspfuneraria.com.br\/blog\/wp-content\/uploads\/2026\/02\/family-visiting-grave-loved-one-5-1024x683.jpg 1024w, https:\/\/velarspfuneraria.com.br\/blog\/wp-content\/uploads\/2026\/02\/family-visiting-grave-loved-one-5-768x512.jpg 768w, https:\/\/velarspfuneraria.com.br\/blog\/wp-content\/uploads\/2026\/02\/family-visiting-grave-loved-one-5-1536x1024.jpg 1536w, https:\/\/velarspfuneraria.com.br\/blog\/wp-content\/uploads\/2026\/02\/family-visiting-grave-loved-one-5-2048x1365.jpg 2048w\" sizes=\"(max-width: 300px) 100vw, 300px\" \/><\/div><\/a>\n\t\t\t\t<div class=\"elementor-post__text\">\n\t\t\t\t<h3 class=\"elementor-post__title\">\n\t\t\t<a href=\"https:\/\/velarspfuneraria.com.br\/blog\/cemiterio-araca-servicos-planejamento\/\" >\n\t\t\t\tCemit\u00e9rio Ara\u00e7\u00e1: Guia Completo e Servi\u00e7os Dispon\u00edveis\t\t\t<\/a>\n\t\t<\/h3>\n\t\t\t\t<div class=\"elementor-post__excerpt\">\n\t\t\t<p>O Cemit\u00e9rio Ara\u00e7\u00e1 \u00e9 um espa\u00e7o acolhedor e seguro para fam\u00edlias que precisam organizar um sepultamento com dignidade. Localizado na<\/p>\n\t\t<\/div>\n\t\t\n\t\t<a class=\"elementor-post__read-more\" href=\"https:\/\/velarspfuneraria.com.br\/blog\/cemiterio-araca-servicos-planejamento\/\" aria-label=\"Read more about Cemit\u00e9rio Ara\u00e7\u00e1: Guia Completo e Servi\u00e7os Dispon\u00edveis\" tabindex=\"-1\" >\n\t\t\tLeia mais \u00bb\t\t<\/a>\n\n\t\t\t\t<\/div>\n\t\t\t\t<div class=\"elementor-post__meta-data\">\n\t\t\t\t\t<span class=\"elementor-post-date\">\n\t\t\t6 de fevereiro de 2026\t\t<\/span>\n\t\t\t\t<\/div>\n\t\t\t\t\t<\/div>\n\t\t<\/article>\n\t\t\t\t<article class=\"elementor-post elementor-grid-item post-309 post type-post status-publish format-standard has-post-thumbnail hentry category-sem-categoria\" role=\"listitem\">\n\t\t\t<div class=\"elementor-post__card\">\n\t\t\t\t<a class=\"elementor-post__thumbnail__link\" href=\"https:\/\/velarspfuneraria.com.br\/blog\/cemiterio-da-quarta-parada-sao-paulo\/\" tabindex=\"-1\" ><div class=\"elementor-post__thumbnail\"><img loading=\"lazy\" decoding=\"async\" width=\"300\" height=\"200\" src=\"https:\/\/velarspfuneraria.com.br\/blog\/wp-content\/uploads\/2026\/02\/view-graves-cemetery-1-300x200.jpg\" class=\"attachment-medium size-medium wp-image-314\" alt=\"Cemit\u00e9rio da Quarta Parada S\u00e3o Paulo Zona Leste\" srcset=\"https:\/\/velarspfuneraria.com.br\/blog\/wp-content\/uploads\/2026\/02\/view-graves-cemetery-1-300x200.jpg 300w, https:\/\/velarspfuneraria.com.br\/blog\/wp-content\/uploads\/2026\/02\/view-graves-cemetery-1-1024x683.jpg 1024w, https:\/\/velarspfuneraria.com.br\/blog\/wp-content\/uploads\/2026\/02\/view-graves-cemetery-1-768x512.jpg 768w, https:\/\/velarspfuneraria.com.br\/blog\/wp-content\/uploads\/2026\/02\/view-graves-cemetery-1-1536x1024.jpg 1536w, https:\/\/velarspfuneraria.com.br\/blog\/wp-content\/uploads\/2026\/02\/view-graves-cemetery-1-2048x1365.jpg 2048w\" sizes=\"(max-width: 300px) 100vw, 300px\" \/><\/div><\/a>\n\t\t\t\t<div class=\"elementor-post__text\">\n\t\t\t\t<h3 class=\"elementor-post__title\">\n\t\t\t<a href=\"https:\/\/velarspfuneraria.com.br\/blog\/cemiterio-da-quarta-parada-sao-paulo\/\" >\n\t\t\t\tCemit\u00e9rio da Quarta Parada S\u00e3o Paulo: informa\u00e7\u00f5es essenciais para fam\u00edlias\t\t\t<\/a>\n\t\t<\/h3>\n\t\t\t\t<div class=\"elementor-post__excerpt\">\n\t\t\t<p>Mais do que um local destinado ao sepultamento, o Cemit\u00e9rio da Quarta Parada S\u00e3o Paulo \u00e9 um espa\u00e7o que carrega<\/p>\n\t\t<\/div>\n\t\t\n\t\t<a class=\"elementor-post__read-more\" href=\"https:\/\/velarspfuneraria.com.br\/blog\/cemiterio-da-quarta-parada-sao-paulo\/\" aria-label=\"Read more about Cemit\u00e9rio da Quarta Parada S\u00e3o Paulo: informa\u00e7\u00f5es essenciais para fam\u00edlias\" tabindex=\"-1\" >\n\t\t\tLeia mais \u00bb\t\t<\/a>\n\n\t\t\t\t<\/div>\n\t\t\t\t<div class=\"elementor-post__meta-data\">\n\t\t\t\t\t<span class=\"elementor-post-date\">\n\t\t\t6 de fevereiro de 2026\t\t<\/span>\n\t\t\t\t<\/div>\n\t\t\t\t\t<\/div>\n\t\t<\/article>\n\t\t\t\t<article class=\"elementor-post elementor-grid-item post-305 post type-post status-publish format-standard has-post-thumbnail hentry category-sem-categoria\" role=\"listitem\">\n\t\t\t<div class=\"elementor-post__card\">\n\t\t\t\t<a class=\"elementor-post__thumbnail__link\" href=\"https:\/\/velarspfuneraria.com.br\/blog\/exumacao-de-corpo-prazo-e-preco\/\" tabindex=\"-1\" ><div class=\"elementor-post__thumbnail\"><img loading=\"lazy\" decoding=\"async\" width=\"300\" height=\"225\" src=\"https:\/\/velarspfuneraria.com.br\/blog\/wp-content\/uploads\/2026\/02\/arlington-national-cemetery-300x225.jpg\" class=\"attachment-medium size-medium wp-image-308\" alt=\"Exuma\u00e7\u00e3o de corpo prazo e pre\u00e7o\" srcset=\"https:\/\/velarspfuneraria.com.br\/blog\/wp-content\/uploads\/2026\/02\/arlington-national-cemetery-300x225.jpg 300w, https:\/\/velarspfuneraria.com.br\/blog\/wp-content\/uploads\/2026\/02\/arlington-national-cemetery-1024x768.jpg 1024w, https:\/\/velarspfuneraria.com.br\/blog\/wp-content\/uploads\/2026\/02\/arlington-national-cemetery-768x576.jpg 768w, https:\/\/velarspfuneraria.com.br\/blog\/wp-content\/uploads\/2026\/02\/arlington-national-cemetery-1536x1152.jpg 1536w, https:\/\/velarspfuneraria.com.br\/blog\/wp-content\/uploads\/2026\/02\/arlington-national-cemetery-2048x1536.jpg 2048w\" sizes=\"(max-width: 300px) 100vw, 300px\" \/><\/div><\/a>\n\t\t\t\t<div class=\"elementor-post__text\">\n\t\t\t\t<h3 class=\"elementor-post__title\">\n\t\t\t<a href=\"https:\/\/velarspfuneraria.com.br\/blog\/exumacao-de-corpo-prazo-e-preco\/\" >\n\t\t\t\tExuma\u00e7\u00e3o de corpo prazo e pre\u00e7o: entenda como funciona o procedimento\t\t\t<\/a>\n\t\t<\/h3>\n\t\t\t\t<div class=\"elementor-post__excerpt\">\n\t\t\t<p>A perda de algu\u00e9m querido j\u00e1 \u00e9, por si s\u00f3, um momento marcado por dor, saudade e muitas emo\u00e7\u00f5es. Ainda<\/p>\n\t\t<\/div>\n\t\t\n\t\t<a class=\"elementor-post__read-more\" href=\"https:\/\/velarspfuneraria.com.br\/blog\/exumacao-de-corpo-prazo-e-preco\/\" aria-label=\"Read more about Exuma\u00e7\u00e3o de corpo prazo e pre\u00e7o: entenda como funciona o procedimento\" tabindex=\"-1\" >\n\t\t\tLeia mais \u00bb\t\t<\/a>\n\n\t\t\t\t<\/div>\n\t\t\t\t<div class=\"elementor-post__meta-data\">\n\t\t\t\t\t<span class=\"elementor-post-date\">\n\t\t\t6 de fevereiro de 2026\t\t<\/span>\n\t\t\t\t<\/div>\n\t\t\t\t\t<\/div>\n\t\t<\/article>\n\t\t\t\t<article class=\"elementor-post elementor-grid-item post-302 post type-post status-publish format-standard has-post-thumbnail hentry category-sem-categoria\" role=\"listitem\">\n\t\t\t<div class=\"elementor-post__card\">\n\t\t\t\t<a class=\"elementor-post__thumbnail__link\" href=\"https:\/\/velarspfuneraria.com.br\/blog\/documentos-para-sepultamento\/\" tabindex=\"-1\" ><div class=\"elementor-post__thumbnail\"><img loading=\"lazy\" decoding=\"async\" width=\"300\" height=\"200\" src=\"https:\/\/velarspfuneraria.com.br\/blog\/wp-content\/uploads\/2026\/02\/view-delicate-white-roses-with-book-300x200.jpg\" class=\"attachment-medium size-medium wp-image-304\" alt=\"Documentos para sepultamento: guia pr\u00e1tico para fam\u00edlias\" srcset=\"https:\/\/velarspfuneraria.com.br\/blog\/wp-content\/uploads\/2026\/02\/view-delicate-white-roses-with-book-300x200.jpg 300w, https:\/\/velarspfuneraria.com.br\/blog\/wp-content\/uploads\/2026\/02\/view-delicate-white-roses-with-book-1024x683.jpg 1024w, https:\/\/velarspfuneraria.com.br\/blog\/wp-content\/uploads\/2026\/02\/view-delicate-white-roses-with-book-768x512.jpg 768w, https:\/\/velarspfuneraria.com.br\/blog\/wp-content\/uploads\/2026\/02\/view-delicate-white-roses-with-book-1536x1024.jpg 1536w, https:\/\/velarspfuneraria.com.br\/blog\/wp-content\/uploads\/2026\/02\/view-delicate-white-roses-with-book-2048x1365.jpg 2048w\" sizes=\"(max-width: 300px) 100vw, 300px\" \/><\/div><\/a>\n\t\t\t\t<div class=\"elementor-post__text\">\n\t\t\t\t<h3 class=\"elementor-post__title\">\n\t\t\t<a href=\"https:\/\/velarspfuneraria.com.br\/blog\/documentos-para-sepultamento\/\" >\n\t\t\t\tDocumentos para sepultamento: guia completo para fam\u00edlias em luto\t\t\t<\/a>\n\t\t<\/h3>\n\t\t\t\t<div class=\"elementor-post__excerpt\">\n\t\t\t<p>Perder algu\u00e9m \u00e9 um dos momentos mais dif\u00edceis da vida. Com isso, lidar com a dor, a saudade e as<\/p>\n\t\t<\/div>\n\t\t\n\t\t<a class=\"elementor-post__read-more\" href=\"https:\/\/velarspfuneraria.com.br\/blog\/documentos-para-sepultamento\/\" aria-label=\"Read more about Documentos para sepultamento: guia completo para fam\u00edlias em luto\" tabindex=\"-1\" >\n\t\t\tLeia mais \u00bb\t\t<\/a>\n\n\t\t\t\t<\/div>\n\t\t\t\t<div class=\"elementor-post__meta-data\">\n\t\t\t\t\t<span class=\"elementor-post-date\">\n\t\t\t6 de fevereiro de 2026\t\t<\/span>\n\t\t\t\t<\/div>\n\t\t\t\t\t<\/div>\n\t\t<\/article>\n\t\t\t\t<article class=\"elementor-post elementor-grid-item post-296 post type-post status-publish format-standard has-post-thumbnail hentry category-sem-categoria\" role=\"listitem\">\n\t\t\t<div class=\"elementor-post__card\">\n\t\t\t\t<a class=\"elementor-post__thumbnail__link\" href=\"https:\/\/velarspfuneraria.com.br\/blog\/comprar-jazigo-no-cemiterio\/\" tabindex=\"-1\" ><div class=\"elementor-post__thumbnail\"><img loading=\"lazy\" decoding=\"async\" width=\"300\" height=\"200\" src=\"https:\/\/velarspfuneraria.com.br\/blog\/wp-content\/uploads\/2026\/02\/family-visiting-grave-loved-one-3-300x200.jpg\" class=\"attachment-medium size-medium wp-image-297\" alt=\"Comprar jazigo no cemit\u00e9rio: guia completo e seguro\" srcset=\"https:\/\/velarspfuneraria.com.br\/blog\/wp-content\/uploads\/2026\/02\/family-visiting-grave-loved-one-3-300x200.jpg 300w, https:\/\/velarspfuneraria.com.br\/blog\/wp-content\/uploads\/2026\/02\/family-visiting-grave-loved-one-3-1024x683.jpg 1024w, https:\/\/velarspfuneraria.com.br\/blog\/wp-content\/uploads\/2026\/02\/family-visiting-grave-loved-one-3-768x512.jpg 768w, https:\/\/velarspfuneraria.com.br\/blog\/wp-content\/uploads\/2026\/02\/family-visiting-grave-loved-one-3-1536x1024.jpg 1536w, https:\/\/velarspfuneraria.com.br\/blog\/wp-content\/uploads\/2026\/02\/family-visiting-grave-loved-one-3-2048x1365.jpg 2048w\" sizes=\"(max-width: 300px) 100vw, 300px\" \/><\/div><\/a>\n\t\t\t\t<div class=\"elementor-post__text\">\n\t\t\t\t<h3 class=\"elementor-post__title\">\n\t\t\t<a href=\"https:\/\/velarspfuneraria.com.br\/blog\/comprar-jazigo-no-cemiterio\/\" >\n\t\t\t\tComprar jazigo no cemit\u00e9rio: guia completo e seguro\t\t\t<\/a>\n\t\t<\/h3>\n\t\t\t\t<div class=\"elementor-post__excerpt\">\n\t\t\t<p>Perder um ente querido \u00e9 sempre um momento delicado e doloroso. Al\u00e9m da tristeza, a fam\u00edlia precisa lidar com decis\u00f5es<\/p>\n\t\t<\/div>\n\t\t\n\t\t<a class=\"elementor-post__read-more\" href=\"https:\/\/velarspfuneraria.com.br\/blog\/comprar-jazigo-no-cemiterio\/\" aria-label=\"Read more about Comprar jazigo no cemit\u00e9rio: guia completo e seguro\" tabindex=\"-1\" >\n\t\t\tLeia mais \u00bb\t\t<\/a>\n\n\t\t\t\t<\/div>\n\t\t\t\t<div class=\"elementor-post__meta-data\">\n\t\t\t\t\t<span class=\"elementor-post-date\">\n\t\t\t5 de fevereiro de 2026\t\t<\/span>\n\t\t\t\t<\/div>\n\t\t\t\t\t<\/div>\n\t\t<\/article>\n\t\t\t\t<article class=\"elementor-post elementor-grid-item post-290 post type-post status-publish format-standard has-post-thumbnail hentry category-sem-categoria\" role=\"listitem\">\n\t\t\t<div class=\"elementor-post__card\">\n\t\t\t\t<a class=\"elementor-post__thumbnail__link\" href=\"https:\/\/velarspfuneraria.com.br\/blog\/traslado-funerario-aereo\/\" tabindex=\"-1\" ><div class=\"elementor-post__thumbnail\"><img loading=\"lazy\" decoding=\"async\" width=\"300\" height=\"209\" src=\"https:\/\/velarspfuneraria.com.br\/blog\/wp-content\/uploads\/2026\/02\/men-carrying-casket-outside-funeral-service-style-emotional-sensitivity-300x209.jpg\" class=\"attachment-medium size-medium wp-image-293\" alt=\"Traslado funer\u00e1rio a\u00e9reo: como funciona e diferen\u00e7as\" srcset=\"https:\/\/velarspfuneraria.com.br\/blog\/wp-content\/uploads\/2026\/02\/men-carrying-casket-outside-funeral-service-style-emotional-sensitivity-300x209.jpg 300w, https:\/\/velarspfuneraria.com.br\/blog\/wp-content\/uploads\/2026\/02\/men-carrying-casket-outside-funeral-service-style-emotional-sensitivity-1024x712.jpg 1024w, https:\/\/velarspfuneraria.com.br\/blog\/wp-content\/uploads\/2026\/02\/men-carrying-casket-outside-funeral-service-style-emotional-sensitivity-768x534.jpg 768w, https:\/\/velarspfuneraria.com.br\/blog\/wp-content\/uploads\/2026\/02\/men-carrying-casket-outside-funeral-service-style-emotional-sensitivity-1536x1068.jpg 1536w, https:\/\/velarspfuneraria.com.br\/blog\/wp-content\/uploads\/2026\/02\/men-carrying-casket-outside-funeral-service-style-emotional-sensitivity-2048x1424.jpg 2048w\" sizes=\"(max-width: 300px) 100vw, 300px\" \/><\/div><\/a>\n\t\t\t\t<div class=\"elementor-post__text\">\n\t\t\t\t<h3 class=\"elementor-post__title\">\n\t\t\t<a href=\"https:\/\/velarspfuneraria.com.br\/blog\/traslado-funerario-aereo\/\" >\n\t\t\t\tTraslado funer\u00e1rio a\u00e9reo: entenda como funciona e diferen\u00e7as para o terrestre\t\t\t<\/a>\n\t\t<\/h3>\n\t\t\t\t<div class=\"elementor-post__excerpt\">\n\t\t\t<p>Perder algu\u00e9m pr\u00f3ximo \u00e9 um dos momentos mais dif\u00edceis da vida. Quando o falecimento ocorre longe do local onde a<\/p>\n\t\t<\/div>\n\t\t\n\t\t<a class=\"elementor-post__read-more\" href=\"https:\/\/velarspfuneraria.com.br\/blog\/traslado-funerario-aereo\/\" aria-label=\"Read more about Traslado funer\u00e1rio a\u00e9reo: entenda como funciona e diferen\u00e7as para o terrestre\" tabindex=\"-1\" >\n\t\t\tLeia mais \u00bb\t\t<\/a>\n\n\t\t\t\t<\/div>\n\t\t\t\t<div class=\"elementor-post__meta-data\">\n\t\t\t\t\t<span class=\"elementor-post-date\">\n\t\t\t5 de fevereiro de 2026\t\t<\/span>\n\t\t\t\t<\/div>\n\t\t\t\t\t<\/div>\n\t\t<\/article>\n\t\t\t\t<article class=\"elementor-post elementor-grid-item post-286 post type-post status-publish format-standard has-post-thumbnail hentry category-sem-categoria\" role=\"listitem\">\n\t\t\t<div class=\"elementor-post__card\">\n\t\t\t\t<a class=\"elementor-post__thumbnail__link\" href=\"https:\/\/velarspfuneraria.com.br\/blog\/funeraria-na-zona-oeste-sp\/\" tabindex=\"-1\" ><div class=\"elementor-post__thumbnail\"><img loading=\"lazy\" decoding=\"async\" width=\"300\" height=\"199\" src=\"https:\/\/velarspfuneraria.com.br\/blog\/wp-content\/uploads\/2026\/02\/family-visiting-grave-loved-one-2-300x199.jpg\" class=\"attachment-medium size-medium wp-image-288\" alt=\"Funer\u00e1ria na Zona Oeste SP: atendimento completo e orienta\u00e7\u00e3o\" srcset=\"https:\/\/velarspfuneraria.com.br\/blog\/wp-content\/uploads\/2026\/02\/family-visiting-grave-loved-one-2-300x199.jpg 300w, https:\/\/velarspfuneraria.com.br\/blog\/wp-content\/uploads\/2026\/02\/family-visiting-grave-loved-one-2-1024x679.jpg 1024w, https:\/\/velarspfuneraria.com.br\/blog\/wp-content\/uploads\/2026\/02\/family-visiting-grave-loved-one-2-768x509.jpg 768w, https:\/\/velarspfuneraria.com.br\/blog\/wp-content\/uploads\/2026\/02\/family-visiting-grave-loved-one-2-1536x1018.jpg 1536w, https:\/\/velarspfuneraria.com.br\/blog\/wp-content\/uploads\/2026\/02\/family-visiting-grave-loved-one-2-2048x1357.jpg 2048w\" sizes=\"(max-width: 300px) 100vw, 300px\" \/><\/div><\/a>\n\t\t\t\t<div class=\"elementor-post__text\">\n\t\t\t\t<h3 class=\"elementor-post__title\">\n\t\t\t<a href=\"https:\/\/velarspfuneraria.com.br\/blog\/funeraria-na-zona-oeste-sp\/\" >\n\t\t\t\tFuner\u00e1ria na Zona Oeste SP: como funciona o atendimento do Grupo Velar\t\t\t<\/a>\n\t\t<\/h3>\n\t\t\t\t<div class=\"elementor-post__excerpt\">\n\t\t\t<p>Buscar uma funer\u00e1ria na Zona Oeste SP geralmente acontece em um dos momentos mais delicados da vida. Al\u00e9m da dor<\/p>\n\t\t<\/div>\n\t\t\n\t\t<a class=\"elementor-post__read-more\" href=\"https:\/\/velarspfuneraria.com.br\/blog\/funeraria-na-zona-oeste-sp\/\" aria-label=\"Read more about Funer\u00e1ria na Zona Oeste SP: como funciona o atendimento do Grupo Velar\" tabindex=\"-1\" >\n\t\t\tLeia mais \u00bb\t\t<\/a>\n\n\t\t\t\t<\/div>\n\t\t\t\t<div class=\"elementor-post__meta-data\">\n\t\t\t\t\t<span class=\"elementor-post-date\">\n\t\t\t5 de fevereiro de 2026\t\t<\/span>\n\t\t\t\t<\/div>\n\t\t\t\t\t<\/div>\n\t\t<\/article>\n\t\t\t\t<article class=\"elementor-post elementor-grid-item post-280 post type-post status-publish format-standard has-post-thumbnail hentry category-sem-categoria\" role=\"listitem\">\n\t\t\t<div class=\"elementor-post__card\">\n\t\t\t\t<a class=\"elementor-post__thumbnail__link\" href=\"https:\/\/velarspfuneraria.com.br\/blog\/quanto-custa-um-enterro-hoje\/\" tabindex=\"-1\" ><div class=\"elementor-post__thumbnail\"><img loading=\"lazy\" decoding=\"async\" width=\"300\" height=\"200\" src=\"https:\/\/velarspfuneraria.com.br\/blog\/wp-content\/uploads\/2026\/02\/view-graves-cemetery-300x200.jpg\" class=\"attachment-medium size-medium wp-image-284\" alt=\"Quanto custa um enterro hoje? Valores, o que inclui e dicas\" srcset=\"https:\/\/velarspfuneraria.com.br\/blog\/wp-content\/uploads\/2026\/02\/view-graves-cemetery-300x200.jpg 300w, https:\/\/velarspfuneraria.com.br\/blog\/wp-content\/uploads\/2026\/02\/view-graves-cemetery-1024x683.jpg 1024w, https:\/\/velarspfuneraria.com.br\/blog\/wp-content\/uploads\/2026\/02\/view-graves-cemetery-768x512.jpg 768w, https:\/\/velarspfuneraria.com.br\/blog\/wp-content\/uploads\/2026\/02\/view-graves-cemetery-1536x1024.jpg 1536w, https:\/\/velarspfuneraria.com.br\/blog\/wp-content\/uploads\/2026\/02\/view-graves-cemetery-2048x1365.jpg 2048w\" sizes=\"(max-width: 300px) 100vw, 300px\" \/><\/div><\/a>\n\t\t\t\t<div class=\"elementor-post__text\">\n\t\t\t\t<h3 class=\"elementor-post__title\">\n\t\t\t<a href=\"https:\/\/velarspfuneraria.com.br\/blog\/quanto-custa-um-enterro-hoje\/\" >\n\t\t\t\tQuanto custa um enterro hoje? Valores e o que voc\u00ea precisa saber\t\t\t<\/a>\n\t\t<\/h3>\n\t\t\t\t<div class=\"elementor-post__excerpt\">\n\t\t\t<p>Falar sobre o custo de um enterro nunca \u00e9 simples. Al\u00e9m da dor da perda, a fam\u00edlia precisa lidar com<\/p>\n\t\t<\/div>\n\t\t\n\t\t<a class=\"elementor-post__read-more\" href=\"https:\/\/velarspfuneraria.com.br\/blog\/quanto-custa-um-enterro-hoje\/\" aria-label=\"Read more about Quanto custa um enterro hoje? Valores e o que voc\u00ea precisa saber\" tabindex=\"-1\" >\n\t\t\tLeia mais \u00bb\t\t<\/a>\n\n\t\t\t\t<\/div>\n\t\t\t\t<div class=\"elementor-post__meta-data\">\n\t\t\t\t\t<span class=\"elementor-post-date\">\n\t\t\t5 de fevereiro de 2026\t\t<\/span>\n\t\t\t\t<\/div>\n\t\t\t\t\t<\/div>\n\t\t<\/article>\n\t\t\t\t<article class=\"elementor-post elementor-grid-item post-242 post type-post status-publish format-standard has-post-thumbnail hentry category-sem-categoria\" role=\"listitem\">\n\t\t\t<div class=\"elementor-post__card\">\n\t\t\t\t<a class=\"elementor-post__thumbnail__link\" href=\"https:\/\/velarspfuneraria.com.br\/blog\/funeraria-vila-alpina-zona-leste-sp\/\" tabindex=\"-1\" ><div class=\"elementor-post__thumbnail\"><img loading=\"lazy\" decoding=\"async\" width=\"300\" height=\"200\" src=\"https:\/\/velarspfuneraria.com.br\/blog\/wp-content\/uploads\/2026\/02\/family-visiting-grave-loved-one-300x200.jpg\" class=\"attachment-medium size-medium wp-image-276\" alt=\"Funer\u00e1ria na Zona Leste SP \u2013 Atendimento 24h na Vila Alpina\" srcset=\"https:\/\/velarspfuneraria.com.br\/blog\/wp-content\/uploads\/2026\/02\/family-visiting-grave-loved-one-300x200.jpg 300w, https:\/\/velarspfuneraria.com.br\/blog\/wp-content\/uploads\/2026\/02\/family-visiting-grave-loved-one-1024x683.jpg 1024w, https:\/\/velarspfuneraria.com.br\/blog\/wp-content\/uploads\/2026\/02\/family-visiting-grave-loved-one-768x512.jpg 768w, https:\/\/velarspfuneraria.com.br\/blog\/wp-content\/uploads\/2026\/02\/family-visiting-grave-loved-one-1536x1024.jpg 1536w, https:\/\/velarspfuneraria.com.br\/blog\/wp-content\/uploads\/2026\/02\/family-visiting-grave-loved-one-2048x1365.jpg 2048w\" sizes=\"(max-width: 300px) 100vw, 300px\" \/><\/div><\/a>\n\t\t\t\t<div class=\"elementor-post__text\">\n\t\t\t\t<h3 class=\"elementor-post__title\">\n\t\t\t<a href=\"https:\/\/velarspfuneraria.com.br\/blog\/funeraria-vila-alpina-zona-leste-sp\/\" >\n\t\t\t\tFuner\u00e1ria Zona Leste: Atendimento Humanizado na Vila Alpina\t\t\t<\/a>\n\t\t<\/h3>\n\t\t\t\t<div class=\"elementor-post__excerpt\">\n\t\t\t<p>Perder algu\u00e9m \u00e9 sempre um momento delicado. Por isso, contar com uma Funer\u00e1ria na Zona Leste SP que ofere\u00e7a suporte<\/p>\n\t\t<\/div>\n\t\t\n\t\t<a class=\"elementor-post__read-more\" href=\"https:\/\/velarspfuneraria.com.br\/blog\/funeraria-vila-alpina-zona-leste-sp\/\" aria-label=\"Read more about Funer\u00e1ria Zona Leste: Atendimento Humanizado na Vila Alpina\" tabindex=\"-1\" >\n\t\t\tLeia mais \u00bb\t\t<\/a>\n\n\t\t\t\t<\/div>\n\t\t\t\t<div class=\"elementor-post__meta-data\">\n\t\t\t\t\t<span class=\"elementor-post-date\">\n\t\t\t5 de fevereiro de 2026\t\t<\/span>\n\t\t\t\t<\/div>\n\t\t\t\t\t<\/div>\n\t\t<\/article>\n\t\t\t\t<\/div>\n\t\t\t\t\t<span class=\"e-load-more-spinner\">\n\t\t\t\t<svg aria-hidden=\"true\" class=\"e-font-icon-svg e-fas-spinner\" viewBox=\"0 0 512 512\" xmlns=\"http:\/\/www.w3.org\/2000\/svg\"><path d=\"M304 48c0 26.51-21.49 48-48 48s-48-21.49-48-48 21.49-48 48-48 48 21.49 48 48zm-48 368c-26.51 0-48 21.49-48 48s21.49 48 48 48 48-21.49 48-48-21.49-48-48-48zm208-208c-26.51 0-48 21.49-48 48s21.49 48 48 48 48-21.49 48-48-21.49-48-48-48zM96 256c0-26.51-21.49-48-48-48S0 229.49 0 256s21.49 48 48 48 48-21.49 48-48zm12.922 99.078c-26.51 0-48 21.49-48 48s21.49 48 48 48 48-21.49 48-48c0-26.509-21.491-48-48-48zm294.156 0c-26.51 0-48 21.49-48 48s21.49 48 48 48 48-21.49 48-48c0-26.509-21.49-48-48-48zM108.922 60.922c-26.51 0-48 21.49-48 48s21.49 48 48 48 48-21.49 48-48-21.491-48-48-48z\"><\/path><\/svg>\t\t\t<\/span>\n\t\t\n\t\t\t\t<div class=\"e-load-more-anchor\" data-page=\"1\" data-max-page=\"2\" data-next-page=\"https:\/\/velarspfuneraria.com.br\/blog\/wp-json\/wp\/v2\/pages\/113\/page\/2\/\"><\/div>\n\t\t\t\t<div class=\"e-load-more-message\"><\/div>\n\t\t\t\t\t\t<\/div>\n\t\t\t\t<\/div>\n\t\t\t\t<\/div>\n\t\t<div class=\"elementor-element elementor-element-2110403d e-con-full e-flex e-con e-child\" data-id=\"2110403d\" data-element_type=\"container\" data-e-type=\"container\">\n\t\t<div class=\"elementor-element elementor-element-4b80b2c9 e-con-full e-flex e-con e-child\" data-id=\"4b80b2c9\" data-element_type=\"container\" data-e-type=\"container\">\n\t\t\t\t<div class=\"elementor-element elementor-element-143d4760 elementor-widget elementor-widget-image\" data-id=\"143d4760\" data-element_type=\"widget\" data-e-type=\"widget\" data-widget_type=\"image.default\">\n\t\t\t\t<div class=\"elementor-widget-container\">\n\t\t\t\t\t\t\t\t\t\t\t\t\t\t\t\t<a href=\"https:\/\/wa.me\/551131630123?text=Ol%C3%A1%2C%20estou%20no%20site%20Velar%20SP%20Funer%C3%A1ria%2C%20quero%20informa%C3%A7%C3%B5es%20sobre%20%2Aplanos%20funer%C3%A1rios%2A%20e%20formas%20de%20contrata%C3%A7%C3%A3o.%20%2A%5BAtendimento%20%235976%5D%2A\" target=\"_blank\">\n\t\t\t\t\t\t\t<img loading=\"lazy\" decoding=\"async\" width=\"1536\" height=\"1024\" src=\"https:\/\/velarspfuneraria.com.br\/blog\/wp-content\/uploads\/2026\/02\/planos-funerarios-sp.png\" class=\"attachment-full size-full wp-image-88\" alt=\"\" srcset=\"https:\/\/velarspfuneraria.com.br\/blog\/wp-content\/uploads\/2026\/02\/planos-funerarios-sp.png 1536w, https:\/\/velarspfuneraria.com.br\/blog\/wp-content\/uploads\/2026\/02\/planos-funerarios-sp-300x200.png 300w, https:\/\/velarspfuneraria.com.br\/blog\/wp-content\/uploads\/2026\/02\/planos-funerarios-sp-1024x683.png 1024w, https:\/\/velarspfuneraria.com.br\/blog\/wp-content\/uploads\/2026\/02\/planos-funerarios-sp-768x512.png 768w\" sizes=\"(max-width: 1536px) 100vw, 1536px\" \/>\t\t\t\t\t\t\t\t<\/a>\n\t\t\t\t\t\t\t\t\t\t\t\t\t\t\t<\/div>\n\t\t\t\t<\/div>\n\t\t\t\t<div class=\"elementor-element elementor-element-3b5ce718 elementor-widget elementor-widget-image\" data-id=\"3b5ce718\" data-element_type=\"widget\" data-e-type=\"widget\" data-widget_type=\"image.default\">\n\t\t\t\t<div class=\"elementor-widget-container\">\n\t\t\t\t\t\t\t\t\t\t\t\t\t\t\t\t<a href=\"https:\/\/wa.me\/551131630123?text=Ol%C3%A1%2C%20estou%20no%20site%20Velar%20SP%20Funer%C3%A1ria%2C%20gostaria%20de%20informa%C3%A7%C3%B5es%20sobre%20%2Acrema%C3%A7%C3%A3o%2A%2C%20valores%20e%20disponibilidade.%20%2A%5BAtendimento%20%235976%5D%2A\" target=\"_blank\">\n\t\t\t\t\t\t\t<img loading=\"lazy\" decoding=\"async\" width=\"1536\" height=\"1024\" src=\"https:\/\/velarspfuneraria.com.br\/blog\/wp-content\/uploads\/2026\/02\/precos-de-cremacao-e-opcoes-disponiveis.png\" class=\"attachment-full size-full wp-image-89\" alt=\"\" srcset=\"https:\/\/velarspfuneraria.com.br\/blog\/wp-content\/uploads\/2026\/02\/precos-de-cremacao-e-opcoes-disponiveis.png 1536w, https:\/\/velarspfuneraria.com.br\/blog\/wp-content\/uploads\/2026\/02\/precos-de-cremacao-e-opcoes-disponiveis-300x200.png 300w, https:\/\/velarspfuneraria.com.br\/blog\/wp-content\/uploads\/2026\/02\/precos-de-cremacao-e-opcoes-disponiveis-1024x683.png 1024w, https:\/\/velarspfuneraria.com.br\/blog\/wp-content\/uploads\/2026\/02\/precos-de-cremacao-e-opcoes-disponiveis-768x512.png 768w\" sizes=\"(max-width: 1536px) 100vw, 1536px\" \/>\t\t\t\t\t\t\t\t<\/a>\n\t\t\t\t\t\t\t\t\t\t\t\t\t\t\t<\/div>\n\t\t\t\t<\/div>\n\t\t\t\t<div class=\"elementor-element elementor-element-2a118c32 elementor-widget elementor-widget-image\" data-id=\"2a118c32\" data-element_type=\"widget\" data-e-type=\"widget\" data-widget_type=\"image.default\">\n\t\t\t\t<div class=\"elementor-widget-container\">\n\t\t\t\t\t\t\t\t\t\t\t\t\t\t\t\t<a href=\"https:\/\/wa.me\/551131630123?text=Ol%C3%A1%2C%20estou%20no%20site%20Velar%20SP%20Funer%C3%A1ria%2C%20preciso%20de%20informa%C3%A7%C3%B5es%20sobre%20%2Asepultamento%2A%20e%20como%20funciona%20o%20atendimento.%20%2A%5BAtendimento%20%235976%5D%2A\" target=\"_blank\">\n\t\t\t\t\t\t\t<img loading=\"lazy\" decoding=\"async\" width=\"1536\" height=\"1024\" src=\"https:\/\/velarspfuneraria.com.br\/blog\/wp-content\/uploads\/2026\/02\/precos-de-sepultamento-e-opcoes-disponiveis.png\" class=\"attachment-full size-full wp-image-90\" alt=\"\" srcset=\"https:\/\/velarspfuneraria.com.br\/blog\/wp-content\/uploads\/2026\/02\/precos-de-sepultamento-e-opcoes-disponiveis.png 1536w, https:\/\/velarspfuneraria.com.br\/blog\/wp-content\/uploads\/2026\/02\/precos-de-sepultamento-e-opcoes-disponiveis-300x200.png 300w, https:\/\/velarspfuneraria.com.br\/blog\/wp-content\/uploads\/2026\/02\/precos-de-sepultamento-e-opcoes-disponiveis-1024x683.png 1024w, https:\/\/velarspfuneraria.com.br\/blog\/wp-content\/uploads\/2026\/02\/precos-de-sepultamento-e-opcoes-disponiveis-768x512.png 768w\" sizes=\"(max-width: 1536px) 100vw, 1536px\" \/>\t\t\t\t\t\t\t\t<\/a>\n\t\t\t\t\t\t\t\t\t\t\t\t\t\t\t<\/div>\n\t\t\t\t<\/div>\n\t\t\t\t<\/div>\n\t\t\t\t<\/div>\n\t\t\t\t\t<\/div>\n\t\t\t\t<\/div>\n\t\t\t\t<\/div>\n\t\t","protected":false},"excerpt":{"rendered":"","protected":false},"author":1,"featured_media":0,"parent":0,"menu_order":0,"comment_status":"closed","ping_status":"closed","template":"elementor_header_footer","meta":{"footnotes":""},"class_list":["post-113","page","type-page","status-publish","hentry"],"yoast_head":"<!-- This site is optimized with the Yoast SEO plugin v26.8 - https:\/\/yoast.com\/product\/yoast-seo-wordpress\/ -->\n<title>Blog - Velar SP Funer\u00e1ria<\/title>\n<meta name=\"robots\" content=\"noindex, follow, max-snippet:-1, max-image-preview:large, max-video-preview:-1\" \/>\n<meta property=\"og:locale\" content=\"pt_BR\" \/>\n<meta property=\"og:type\" content=\"article\" \/>\n<meta property=\"og:title\" content=\"Blog - Velar SP Funer\u00e1ria\" \/>\n<meta property=\"og:url\" content=\"https:\/\/velarspfuneraria.com.br\/blog\/\" \/>\n<meta property=\"og:site_name\" content=\"Velar SP Funer\u00e1ria\" \/>\n<meta property=\"article:modified_time\" content=\"2026-02-02T19:43:24+00:00\" \/>\n<meta property=\"og:image\" content=\"https:\/\/velarspfuneraria.com.br\/blog\/wp-content\/uploads\/2026\/02\/planos-funerarios-sp-1024x683.png\" \/>\n\t<meta property=\"og:image:width\" content=\"1024\" \/>\n\t<meta property=\"og:image:height\" content=\"683\" \/>\n\t<meta property=\"og:image:type\" content=\"image\/png\" \/>\n<meta name=\"twitter:card\" content=\"summary_large_image\" \/>\n<script type=\"application\/ld+json\" class=\"yoast-schema-graph\">{\"@context\":\"https:\/\/schema.org\",\"@graph\":[{\"@type\":\"WebPage\",\"@id\":\"https:\/\/velarspfuneraria.com.br\/blog\/\",\"url\":\"https:\/\/velarspfuneraria.com.br\/blog\/\",\"name\":\"Blog - Velar SP Funer\u00e1ria\",\"isPartOf\":{\"@id\":\"https:\/\/velarspfuneraria.com.br\/blog\/#website\"},\"primaryImageOfPage\":{\"@id\":\"https:\/\/velarspfuneraria.com.br\/blog\/#primaryimage\"},\"image\":{\"@id\":\"https:\/\/velarspfuneraria.com.br\/blog\/#primaryimage\"},\"thumbnailUrl\":\"https:\/\/velarspfuneraria.com.br\/blog\/wp-content\/uploads\/2026\/02\/planos-funerarios-sp.png\",\"datePublished\":\"2026-02-02T19:24:29+00:00\",\"dateModified\":\"2026-02-02T19:43:24+00:00\",\"breadcrumb\":{\"@id\":\"https:\/\/velarspfuneraria.com.br\/blog\/#breadcrumb\"},\"inLanguage\":\"pt-BR\",\"potentialAction\":[{\"@type\":\"ReadAction\",\"target\":[\"https:\/\/velarspfuneraria.com.br\/blog\/\"]}]},{\"@type\":\"ImageObject\",\"inLanguage\":\"pt-BR\",\"@id\":\"https:\/\/velarspfuneraria.com.br\/blog\/#primaryimage\",\"url\":\"https:\/\/velarspfuneraria.com.br\/blog\/wp-content\/uploads\/2026\/02\/planos-funerarios-sp.png\",\"contentUrl\":\"https:\/\/velarspfuneraria.com.br\/blog\/wp-content\/uploads\/2026\/02\/planos-funerarios-sp.png\",\"width\":1536,\"height\":1024},{\"@type\":\"BreadcrumbList\",\"@id\":\"https:\/\/velarspfuneraria.com.br\/blog\/#breadcrumb\",\"itemListElement\":[{\"@type\":\"ListItem\",\"position\":1,\"name\":\"In\u00edcio\",\"item\":\"https:\/\/velarspfuneraria.com.br\/blog\/\"},{\"@type\":\"ListItem\",\"position\":2,\"name\":\"Blog\"}]},{\"@type\":\"WebSite\",\"@id\":\"https:\/\/velarspfuneraria.com.br\/blog\/#website\",\"url\":\"https:\/\/velarspfuneraria.com.br\/blog\/\",\"name\":\"Velar SP Funer\u00e1ria\",\"description\":\"\",\"potentialAction\":[{\"@type\":\"SearchAction\",\"target\":{\"@type\":\"EntryPoint\",\"urlTemplate\":\"https:\/\/velarspfuneraria.com.br\/blog\/?s={search_term_string}\"},\"query-input\":{\"@type\":\"PropertyValueSpecification\",\"valueRequired\":true,\"valueName\":\"search_term_string\"}}],\"inLanguage\":\"pt-BR\"}]}<\/script>\n<!-- \/ Yoast SEO plugin. -->","yoast_head_json":{"title":"Blog - Velar SP Funer\u00e1ria","robots":{"index":"noindex","follow":"follow","max-snippet":"max-snippet:-1","max-image-preview":"max-image-preview:large","max-video-preview":"max-video-preview:-1"},"og_locale":"pt_BR","og_type":"article","og_title":"Blog - Velar SP Funer\u00e1ria","og_url":"https:\/\/velarspfuneraria.com.br\/blog\/","og_site_name":"Velar SP Funer\u00e1ria","article_modified_time":"2026-02-02T19:43:24+00:00","og_image":[{"width":1024,"height":683,"url":"https:\/\/velarspfuneraria.com.br\/blog\/wp-content\/uploads\/2026\/02\/planos-funerarios-sp-1024x683.png","type":"image\/png"}],"twitter_card":"summary_large_image","schema":{"@context":"https:\/\/schema.org","@graph":[{"@type":"WebPage","@id":"https:\/\/velarspfuneraria.com.br\/blog\/","url":"https:\/\/velarspfuneraria.com.br\/blog\/","name":"Blog - Velar SP Funer\u00e1ria","isPartOf":{"@id":"https:\/\/velarspfuneraria.com.br\/blog\/#website"},"primaryImageOfPage":{"@id":"https:\/\/velarspfuneraria.com.br\/blog\/#primaryimage"},"image":{"@id":"https:\/\/velarspfuneraria.com.br\/blog\/#primaryimage"},"thumbnailUrl":"https:\/\/velarspfuneraria.com.br\/blog\/wp-content\/uploads\/2026\/02\/planos-funerarios-sp.png","datePublished":"2026-02-02T19:24:29+00:00","dateModified":"2026-02-02T19:43:24+00:00","breadcrumb":{"@id":"https:\/\/velarspfuneraria.com.br\/blog\/#breadcrumb"},"inLanguage":"pt-BR","potentialAction":[{"@type":"ReadAction","target":["https:\/\/velarspfuneraria.com.br\/blog\/"]}]},{"@type":"ImageObject","inLanguage":"pt-BR","@id":"https:\/\/velarspfuneraria.com.br\/blog\/#primaryimage","url":"https:\/\/velarspfuneraria.com.br\/blog\/wp-content\/uploads\/2026\/02\/planos-funerarios-sp.png","contentUrl":"https:\/\/velarspfuneraria.com.br\/blog\/wp-content\/uploads\/2026\/02\/planos-funerarios-sp.png","width":1536,"height":1024},{"@type":"BreadcrumbList","@id":"https:\/\/velarspfuneraria.com.br\/blog\/#breadcrumb","itemListElement":[{"@type":"ListItem","position":1,"name":"In\u00edcio","item":"https:\/\/velarspfuneraria.com.br\/blog\/"},{"@type":"ListItem","position":2,"name":"Blog"}]},{"@type":"WebSite","@id":"https:\/\/velarspfuneraria.com.br\/blog\/#website","url":"https:\/\/velarspfuneraria.com.br\/blog\/","name":"Velar SP Funer\u00e1ria","description":"","potentialAction":[{"@type":"SearchAction","target":{"@type":"EntryPoint","urlTemplate":"https:\/\/velarspfuneraria.com.br\/blog\/?s={search_term_string}"},"query-input":{"@type":"PropertyValueSpecification","valueRequired":true,"valueName":"search_term_string"}}],"inLanguage":"pt-BR"}]}},"_links":{"self":[{"href":"https:\/\/velarspfuneraria.com.br\/blog\/wp-json\/wp\/v2\/pages\/113","targetHints":{"allow":["GET"]}}],"collection":[{"href":"https:\/\/velarspfuneraria.com.br\/blog\/wp-json\/wp\/v2\/pages"}],"about":[{"href":"https:\/\/velarspfuneraria.com.br\/blog\/wp-json\/wp\/v2\/types\/page"}],"author":[{"embeddable":true,"href":"https:\/\/velarspfuneraria.com.br\/blog\/wp-json\/wp\/v2\/users\/1"}],"replies":[{"embeddable":true,"href":"https:\/\/velarspfuneraria.com.br\/blog\/wp-json\/wp\/v2\/comments?post=113"}],"version-history":[{"count":7,"href":"https:\/\/velarspfuneraria.com.br\/blog\/wp-json\/wp\/v2\/pages\/113\/revisions"}],"predecessor-version":[{"id":137,"href":"https:\/\/velarspfuneraria.com.br\/blog\/wp-json\/wp\/v2\/pages\/113\/revisions\/137"}],"wp:attachment":[{"href":"https:\/\/velarspfuneraria.com.br\/blog\/wp-json\/wp\/v2\/media?parent=113"}],"curies":[{"name":"wp","href":"https:\/\/api.w.org\/{rel}","templated":true}]}}